{"id":60,"date":"2014-03-15T15:35:16","date_gmt":"2014-03-15T13:35:16","guid":{"rendered":"http:\/\/www.yourpagemaker.de\/transfer\/roadster2014\/?page_id=60"},"modified":"2018-11-20T22:43:53","modified_gmt":"2018-11-20T20:43:53","slug":"elektrik-elektronik-radio-navi","status":"publish","type":"page","link":"https:\/\/www.yourpagemaker.de\/smart-roadster\/elektrik-elektronik-radio-navi\/","title":{"rendered":"Elektrik \/ Elektronik \/ Radio \/ Navi"},"content":{"rendered":"<h2>November 2012 Neue Lautsprecher<\/h2>\n<div>\n<p>Nach fast 14 Jahren fingen die verbauten original Lautsprecher an, f\u00fcrchterlich zu kratzen. Bei einem Besuch bei Marcus Quintus vom Car Hifi Spezialisten <a href=\"http:\/\/www.car-akustik.de\/partner\/Holzgerlingen\/index.htm\" target=\"_blank\" rel=\"noopener\">Car Akustik in Holzgerlingen<\/a>\u00a0zeigte sich, dass insbesondere der linke Lautsprecher fertig war und bereits eine gebrochene Sicke hatte.<\/p>\n<p><a href=\"https:\/\/www.yourpagemaker.de\/smart-roadster\/elektrik-elektronik-radio-navi\/img_6779\/\" rel=\"attachment wp-att-288\"><img loading=\"lazy\" decoding=\"async\" class=\"size-full wp-image-288 aligncenter\" src=\"https:\/\/www.yourpagemaker.de\/smart-roadster\/wp-content\/uploads\/2018\/11\/IMG_6779.jpg\" alt=\"\" width=\"256\" height=\"192\" \/><\/a><\/p>\n<p>Marcus hat dann sofort neue <a href=\"https:\/\/www.audison.eu\" target=\"_blank\" rel=\"noopener\">Audison<\/a> APX5 eingebaut. Der Klang ist deutlich besser wie bei den alten original Lautsprechern. Kosten mit Einbau ca. 130 \u20ac.<\/p>\n<p><a href=\"https:\/\/www.yourpagemaker.de\/smart-roadster\/elektrik-elektronik-radio-navi\/img_6781-1\/\" rel=\"attachment wp-att-292\"><img loading=\"lazy\" decoding=\"async\" class=\"aligncenter wp-image-292\" src=\"https:\/\/www.yourpagemaker.de\/smart-roadster\/wp-content\/uploads\/2018\/11\/IMG_6781-1.jpg\" alt=\"\" width=\"480\" height=\"640\" srcset=\"https:\/\/www.yourpagemaker.de\/smart-roadster\/wp-content\/uploads\/2018\/11\/IMG_6781-1.jpg 3024w, https:\/\/www.yourpagemaker.de\/smart-roadster\/wp-content\/uploads\/2018\/11\/IMG_6781-1-225x300.jpg 225w, https:\/\/www.yourpagemaker.de\/smart-roadster\/wp-content\/uploads\/2018\/11\/IMG_6781-1-768x1024.jpg 768w\" sizes=\"auto, (max-width: 480px) 100vw, 480px\" \/><\/a><\/p>\n<hr \/>\n<\/div>\n<h2>Januar 2018 LED-Scheinwerfer<\/h2>\n<div>\n<p>Das st\u00e4ndige Austauschen der defekten Scheinwerferlampen trotz Softstartmodul wurde dann doch zu nervig. Der Roadster scheint durch das harte Fahrwerk die Gl\u00fchlampen zu fressen. Daher wurden die vier 90 mm Frontscheinwerfer durch LED-Module der Fa. <a href=\"https:\/\/www.jwspeaker.com\" target=\"_blank\" rel=\"noopener\">JW Speaker<\/a> ersetzt, Bezug \u00fcber <a href=\"http:\/\/www.optigear.de\" target=\"_blank\" rel=\"noopener\">Optigear\u00a0<\/a>\u00a0und Einbau bei <a href=\"http:\/\/www.fismatec.com\" target=\"_blank\" rel=\"noopener\">Fismatec.<\/a><\/p>\n<p>Obwohl die Module auf den Webseiten des Herstellers und bei Optigear mit schwarzen Reflektoren gezeigt werden, kamen sie in klassischem silber-transparent an. Schade, das Schwarz h\u00e4tte mir deutlich besser gefallen. \u00a0Die JW Speaker Fernscheinwerfer haben zus\u00e4tzlich im oberen Bereich einen getrennt schaltbaren LED-Streifen, der jetzt als Positionslicht beim Abblendlicht mitleuchtet.<\/p>\n<p>Die Module machen insgesamt einen guten Eindruck. Eine Fehlkonstruktion sind die mitgelieferten Langschrauben. Die haben vorne zum Einstellen einen unm\u00f6glichen Kreuzschlitz, wo wirklich kein Dreher Grip hat. Wieso der Hersteller hier keinen Torx oder wenigstens Inbus verwendet ist schleierhaft. Im hinteren Bereich ist ein winziger Sechskant aufgepresst. Man muss h\u00f6llisch aufpassen dass man sich beim Einstellen der Scheinwerfer die Schraubenk\u00f6pfe nicht versaut.<\/p>\n<p><a href=\"http:\/\/www.yourpagemaker.de\/smart-roadster\/elektrik-elektronik-radio-navi\/img_4778\/\" rel=\"attachment wp-att-266\"><img loading=\"lazy\" decoding=\"async\" class=\"aligncenter wp-image-266\" src=\"http:\/\/www.yourpagemaker.de\/smart-roadster\/wp-content\/uploads\/2018\/02\/IMG_4778-300x225.jpg\" alt=\"\" width=\"480\" height=\"360\" srcset=\"https:\/\/www.yourpagemaker.de\/smart-roadster\/wp-content\/uploads\/2018\/02\/IMG_4778-300x225.jpg 300w, https:\/\/www.yourpagemaker.de\/smart-roadster\/wp-content\/uploads\/2018\/02\/IMG_4778-768x576.jpg 768w, https:\/\/www.yourpagemaker.de\/smart-roadster\/wp-content\/uploads\/2018\/02\/IMG_4778-1024x768.jpg 1024w\" sizes=\"auto, (max-width: 480px) 100vw, 480px\" \/><\/a><\/p>\n<p>Die Lichtleistung ist durchwachsen. Leider kein Vergleich mit der Leistung heutiger LED Scheinwerfer an aktuellen Fahrzeugen. Das Abblendlicht geht noch, ist sicher in Summe heller wie die vorherigen Halogenlampen. Das Fernlicht ist extrem stark geb\u00fcndelt. Dadurch erh\u00e4lt man einen Fern-Spot der leider den seitlichen Bereich der Stra\u00dfe nicht ausleuchtet. Hier hilft ein kleiner Trick : Asymmetrisches Einstellen der Fernscheinwerfer.<\/p>\n<p>Kosten ca. 1600 \u00a0\u20ac mit Einbau.<\/p>\n<p><a href=\"http:\/\/www.yourpagemaker.de\/smart-roadster\/elektrik-elektronik-radio-navi\/img_4844\/\" rel=\"attachment wp-att-264\"><img loading=\"lazy\" decoding=\"async\" class=\"aligncenter wp-image-264\" src=\"http:\/\/www.yourpagemaker.de\/smart-roadster\/wp-content\/uploads\/2018\/02\/IMG_4844-169x300.jpg\" alt=\"\" width=\"480\" height=\"854\" srcset=\"https:\/\/www.yourpagemaker.de\/smart-roadster\/wp-content\/uploads\/2018\/02\/IMG_4844-169x300.jpg 169w, https:\/\/www.yourpagemaker.de\/smart-roadster\/wp-content\/uploads\/2018\/02\/IMG_4844-768x1367.jpg 768w, https:\/\/www.yourpagemaker.de\/smart-roadster\/wp-content\/uploads\/2018\/02\/IMG_4844-575x1024.jpg 575w\" sizes=\"auto, (max-width: 480px) 100vw, 480px\" \/><\/a><\/p>\n<hr \/>\n<\/div>\n<h2>November 2011 LED-Innenraumbeleuchtung<\/h2>\n<div>\n<p>Um die dunkle Innenraumbeleuchtung zu verbessern, wurde die verbaute Standard-Birne durch ein LED-Leuchtmittel ersetzt. Das Resultat l\u00e4sst sich sehen &#8211; wesentlich heller wie bisher. Achtung : Bei Stellung &#8222;Ein \u00fcber T\u00fcrkontakt&#8220; glimmen die LED`s ganz leicht im Aus-Zustand. Das ist normal, da die Dimmschaltung die Spannung nicht ganz auf Null regelt. Bei Standard-Birnen ist kein Glimmen sichtbar, LED`s leuchten hingegen schon bei geringsten Spannungen. Der Verbrauch ist so gering, dass er der Batterie nicht schadet. Kosten ca. 5 \u20ac.<\/p>\n<hr \/>\n<\/div>\n<h2>April 2011 Softstartmodul f\u00fcr Abblendlicht<\/h2>\n<div>Um die Ausfallraten der Osram Nightbreaker Lampen zu verkleinern wurde das Softstartmodul von Knut Hennecke (aka knoetter aus dem Roadster Board) verbaut. Die Lampen werden dadurch innerhalb von 2 sec langsam auf volle Helligkeit gestartet. Der Einbau ist v\u00f6llig simpel, das Modul wird in die vorhandenen Sicherungssteckpl\u00e4tze am SAM gesteckt. Kosten 25 \u20ac.<\/div>\n<div><\/div>\n<div><a href=\"http:\/\/www.yourpagemaker.de\/smart-roadster\/wp-content\/uploads\/2014\/03\/IMG_0576_small.jpg\"><img loading=\"lazy\" decoding=\"async\" class=\"alignnone size-medium wp-image-154\" style=\"border: 2px solid black; margin: 10px;\" src=\"http:\/\/www.yourpagemaker.de\/smart-roadster\/wp-content\/uploads\/2014\/03\/IMG_0576_small-300x168.jpg\" alt=\"IMG_0576_small\" width=\"300\" height=\"168\" srcset=\"https:\/\/www.yourpagemaker.de\/smart-roadster\/wp-content\/uploads\/2014\/03\/IMG_0576_small-300x168.jpg 300w, https:\/\/www.yourpagemaker.de\/smart-roadster\/wp-content\/uploads\/2014\/03\/IMG_0576_small.jpg 480w\" sizes=\"auto, (max-width: 300px) 100vw, 300px\" \/><\/a><\/div>\n<div>\n<hr \/>\n<\/div>\n<h2>Januar 2011 Z\u00fcndungsunabh\u00e4ngige el. Fensterheber<\/h2>\n<div>\n<p><a href=\"http:\/\/www.optigear.id227.de\/optigear\/product_info.php?info=p631_zuendungsunabhaengige-elektr---fensterheber.html\" target=\"_blank\" rel=\"noopener\">Optigear<\/a> bietet ein sehr sinnvolles Umbauteil an, nach dessen Einbau die Fensterheber z\u00fcndungsunabh\u00e4ngig arbeiten. Kosten 16 \u20ac.<\/p>\n<hr \/>\n<\/div>\n<h2>Dezember 2010 Garmin ecoRoute HD<\/h2>\n<div>Die Firma Garmin bietet mit dem <a href=\"http:\/\/www.garmin.com\/garmin\/cms\/us\/services\/ecoRoute\" target=\"_blank\" rel=\"noopener\">ecoRoute HD<\/a> einen interessanten OBDII-Connector, der die Motordaten per Keyword 2000 Protokoll ausliest und per Bluetooth an das Navi sendet. Der Connector wird einfach unterhalb des Lenkrads in die OBD-Buchse gesteckt und per Menu mit dem Navi verbunden. Den Anzeigeinstrumenten k\u00f6nnen dann frei diversen Motordaten zugeordnet werden. Da der Connector nur mit Bluetooth-Navis funktioniert, mu\u00dfte das bisherige n\u00fcvi 255WT durch ein n\u00fcvi 1490 ersetzt werden. Kosten ca. 70 \u20ac f\u00fcr den Connector und 150 \u20ac f\u00fcr das Navi..<\/div>\n<div><a href=\"http:\/\/www.yourpagemaker.de\/smart-roadster\/wp-content\/uploads\/2014\/03\/IMG_0033_small.jpg\"><img loading=\"lazy\" decoding=\"async\" class=\"alignnone size-medium wp-image-156\" style=\"border: 2px solid black; margin: 10px;\" src=\"http:\/\/www.yourpagemaker.de\/smart-roadster\/wp-content\/uploads\/2014\/03\/IMG_0033_small-300x168.jpg\" alt=\"IMG_0033_small\" width=\"300\" height=\"168\" srcset=\"https:\/\/www.yourpagemaker.de\/smart-roadster\/wp-content\/uploads\/2014\/03\/IMG_0033_small-300x168.jpg 300w, https:\/\/www.yourpagemaker.de\/smart-roadster\/wp-content\/uploads\/2014\/03\/IMG_0033_small.jpg 480w\" sizes=\"auto, (max-width: 300px) 100vw, 300px\" \/><\/a><a href=\"http:\/\/www.yourpagemaker.de\/smart-roadster\/wp-content\/uploads\/2014\/03\/IMG_0028_small.jpg\"><img loading=\"lazy\" decoding=\"async\" class=\"alignnone size-medium wp-image-159\" style=\"border: 2px solid black; margin: 10px;\" src=\"http:\/\/www.yourpagemaker.de\/smart-roadster\/wp-content\/uploads\/2014\/03\/IMG_0028_small-300x168.jpg\" alt=\"IMG_0028_small\" width=\"300\" height=\"168\" srcset=\"https:\/\/www.yourpagemaker.de\/smart-roadster\/wp-content\/uploads\/2014\/03\/IMG_0028_small-300x168.jpg 300w, https:\/\/www.yourpagemaker.de\/smart-roadster\/wp-content\/uploads\/2014\/03\/IMG_0028_small.jpg 480w\" sizes=\"auto, (max-width: 300px) 100vw, 300px\" \/><\/a><\/div>\n<div><\/div>\n<div>\n<p><a href=\"http:\/\/www.yourpagemaker.de\/smart-roadster\/wp-content\/uploads\/2014\/03\/IMG_0037_small.jpg\"><img loading=\"lazy\" decoding=\"async\" class=\"alignnone size-medium wp-image-160\" style=\"border: 2px solid black; margin: 10px;\" src=\"http:\/\/www.yourpagemaker.de\/smart-roadster\/wp-content\/uploads\/2014\/03\/IMG_0037_small-300x168.jpg\" alt=\"IMG_0037_small\" width=\"300\" height=\"168\" srcset=\"https:\/\/www.yourpagemaker.de\/smart-roadster\/wp-content\/uploads\/2014\/03\/IMG_0037_small-300x168.jpg 300w, https:\/\/www.yourpagemaker.de\/smart-roadster\/wp-content\/uploads\/2014\/03\/IMG_0037_small.jpg 480w\" sizes=\"auto, (max-width: 300px) 100vw, 300px\" \/><\/a><img loading=\"lazy\" decoding=\"async\" class=\"alignnone size-medium wp-image-161\" style=\"border: 2px solid black; margin: 10px;\" src=\"http:\/\/www.yourpagemaker.de\/smart-roadster\/wp-content\/uploads\/2014\/03\/IMG_0038_small-300x168.jpg\" alt=\"IMG_0038_small\" width=\"300\" height=\"168\" srcset=\"https:\/\/www.yourpagemaker.de\/smart-roadster\/wp-content\/uploads\/2014\/03\/IMG_0038_small-300x168.jpg 300w, https:\/\/www.yourpagemaker.de\/smart-roadster\/wp-content\/uploads\/2014\/03\/IMG_0038_small.jpg 480w\" sizes=\"auto, (max-width: 300px) 100vw, 300px\" \/><\/p>\n<p style=\"text-align: justify;\">[Update November 2011]\nSeit dem Kauf habe ich das Problem, dass die Bluetooth-Verbindung zwischen N\u00fcvi und dem ecoRoute HD nach Motorstart meistens nicht aufgebaut wird. Erst ein Reset am ecoRoute HD bringt die Verbindung zum Laufen. Nach unz\u00e4hligen Mails und Telefonaten gibts weiterhin keine L\u00f6sung. Garmin bekommt das Problem nicht in den Griff und verspricht immer wieder ein Firmware-Update, was aber bislang nicht gekommen ist. Zudem zeigt Garmin wenig Motivation das Problem anzugehen.<\/p>\n<p style=\"text-align: justify;\">[Update Dezmber 2011]\nNach 3-maligem Umtausch des ecoRoute HD hat Garmin mir erkl\u00e4rt, das Problem nicht l\u00f6sen zu k\u00f6nnen (oder zu wollen). Besonders \u00e4rgerlich : der H\u00e4ndler wollte eine schriftliche Best\u00e4tigung von Garmin, dass das Ger\u00e4t nicht repariert werden kann. Garmin war aber nicht bereit diese zu senden. Fazit : 70 \u20ac f\u00fcr den M\u00fcll.<\/p>\n<hr \/>\n<\/div>\n<h2><strong>Dezember 2010 Gr\u00f6\u00dfere Batterie<br \/>\n<\/strong><\/h2>\n<div style=\"text-align: justify;\">Der fr\u00fche Winter dieses Jahr zeigte die Schw\u00e4che der noch ersten Batterie sehr deutlich. Also mu\u00dfte eine neue her. Aufgrund der Empfehlungen aus dem Roadster Club habe ich mich wieder f\u00fcr eine Banner entschieden, aber anstelle einer 44 Ah Batterie f\u00fcr die Version <a href=\"http:\/\/www.bannerbatterien.com\/banner\/produkte\/batterien\/power_bull\/index11.php\" target=\"_blank\" rel=\"noopener\">POWER BULL 5003<\/a> mit 50 Ah. Das Mehrgewicht h\u00e4lt sich mit 12,5 kg anstelle von 11,3 kg in Grenzen. Kosten ca. 70 \u20ac.<\/div>\n<div style=\"text-align: justify;\"><a href=\"http:\/\/www.yourpagemaker.de\/smart-roadster\/wp-content\/uploads\/2014\/03\/IMG_4113_small.jpg\"><img loading=\"lazy\" decoding=\"async\" class=\"alignnone size-full wp-image-162\" style=\"border: 2px solid black; margin: 10px;\" src=\"http:\/\/www.yourpagemaker.de\/smart-roadster\/wp-content\/uploads\/2014\/03\/IMG_4113_small.jpg\" alt=\"IMG_4113_small\" width=\"480\" height=\"360\" srcset=\"https:\/\/www.yourpagemaker.de\/smart-roadster\/wp-content\/uploads\/2014\/03\/IMG_4113_small.jpg 480w, https:\/\/www.yourpagemaker.de\/smart-roadster\/wp-content\/uploads\/2014\/03\/IMG_4113_small-300x225.jpg 300w\" sizes=\"auto, (max-width: 480px) 100vw, 480px\" \/><\/a><\/div>\n<div style=\"text-align: justify;\"><\/div>\n<div style=\"text-align: justify;\">[Update November 2011]\nNach nicht mal einem Jahr ist die hochgelobte Banner POWER BULL bereits fertig. Der Roadster startet nur noch wiederwillig. Der Test mit einem Batterietester zeigt &#8222;Batterie austauschen&#8220;. Habe die gleiche Batterie zeitgleich in unseren ForFour eingebaut &#8211; mit den gleichen Symptomen. Eine Beschwerde an den Hersteller Banner ist raus. Bin mal sehr gespannt wie die reagieren.<\/div>\n<div style=\"text-align: justify;\">[Update Dezember 2011]\nKeine Reaktion des Herstellers Banner auf meine Beschwerde. Die H\u00e4ndler bei denen ich die Batterien gekauft habe, haben immerhin geantwortet und um Einsendung der Teile zur \u00dcberpr\u00fcfung gebeten. Klar &#8211; die wissen genau dass niemand die Versandkosten von 25 \u20ac ausgibt.<\/div>\n<div style=\"text-align: justify;\">[Update Januar 2012]\nAufgrund der positiven Berichte im Internet \u00fcber die CTEK-Ladeger\u00e4te habe ich mir das <a href=\"http:\/\/www.ctek.nu\/de\/de\/chargers\/MXS%205.0\" target=\"_blank\" rel=\"noopener\">CTEK MXS 5.0<\/a> gekauft. Der Erfolg ist verbl\u00fcffend &#8211; beide Batterien sind nach einmaligem Aufladen mit dem Ger\u00e4t wieder startklar.<\/div>\n<div style=\"text-align: justify;\">[Update M\u00e4rz 2012]\nJetzt hat die vielgelobte Banner endg\u00fcltig den Geist aufgegeben. Heute Morgen ging nichts mehr. Nicht mal mehr die Zentralverriegelung. Habe mir dann beim Smart-H\u00e4ndler eine Original-Smart-Batterie geholt und eingebaut. Die kann ich wenigstens problemlos wieder zur\u00fcckbringen falls es w\u00e4hrend der Garantiezeit von 2 Jahren zu Problemen kommt. Nach den Erfahrungen &#8211; von Banner kann ich nur abraten !<\/p>\n<hr \/>\n<\/div>\n<h2><strong>September 2010 Autoradio mit Freisprechanlage<br \/>\n<\/strong><\/h2>\n<div>Wenn man h\u00e4ufiger mit dem Roady unterwegs ist vermisst man doch irgendwann eine Handy-Freisprechanlage. Eine optimale L\u00f6sung war der Einbau eines neuen Autoradios\u00a0 <a href=\"http:\/\/www.blaupunkt.de\/index.php?id=915&amp;tx_ddfproducts2_pi1[view]=1516&amp;no_cache=1&amp;L=0\" target=\"_blank\" rel=\"noopener\">Blaupunkt Toronto<\/a> mit Bluetooth Schnittstelle. Das Mikrofon ist bei dem Ger\u00e4t eingebaut, so da\u00df ein rumfliegendes Kabel enf\u00e4llt. Zudem hat sich die Klangqualit\u00e4t wesentlich verbessert. Kosten ca. 150 \u20ac.<\/div>\n<div><\/div>\n<div>\n<p><a href=\"http:\/\/www.yourpagemaker.de\/smart-roadster\/wp-content\/uploads\/2014\/03\/IMG_0970.jpg\"><img loading=\"lazy\" decoding=\"async\" class=\"alignnone size-full wp-image-163\" style=\"border: 2px solid black; margin: 10px;\" src=\"http:\/\/www.yourpagemaker.de\/smart-roadster\/wp-content\/uploads\/2014\/03\/IMG_0970.jpg\" alt=\"IMG_0970\" width=\"480\" height=\"360\" srcset=\"https:\/\/www.yourpagemaker.de\/smart-roadster\/wp-content\/uploads\/2014\/03\/IMG_0970.jpg 480w, https:\/\/www.yourpagemaker.de\/smart-roadster\/wp-content\/uploads\/2014\/03\/IMG_0970-300x225.jpg 300w\" sizes=\"auto, (max-width: 480px) 100vw, 480px\" \/><\/a><\/p>\n<hr \/>\n<\/div>\n<h2><strong>April 2010 Elektrischer Fronthauben\u00f6ffner <\/strong><\/h2>\n<div>\n<p>Eins scheint Smart damals bei der Entwicklung des Roadsters schlichtweg vergessen zu haben &#8211; eine elektrische \u00d6ffnung der Fronthaube per Fernbedienung. Seltsamerweise gibts das f\u00fcr den Heckdeckel, obwohl man den aufgrund des kleinen Stauraums relativ selten braucht. Zum Gl\u00fcck bietet die Firma <a href=\"http:\/\/www.optigear.de\" target=\"_blank\" rel=\"noopener\">Optigear<\/a> eine perfekte Nachr\u00fcstl\u00f6sung. Der Einbau ist zwar nicht ganz so schnell zu bewerkstellen wie im Prospekt angegeben, aber die M\u00fche lohnt allemal. Kosten ca. 120 \u20ac.<\/p>\n<hr \/>\n<\/div>\n<h2><strong>August 2009 Navi <\/strong><\/h2>\n<div>\n<div>\n<p>Als schnelle L\u00f6sung ohne gro\u00dfen Einbau-Aufwand wurde der Roady mit einem <a href=\"https:\/\/buy.garmin.com\/shop\/shop.do?cID=134&amp;pID=13431\" target=\"_blank\" rel=\"noopener\">Garmin n\u00fcvi 255WT<\/a> ausger\u00fcstet. Nat\u00fcrlich kam nur ein Garmin in Frage, da es nur dort m\u00f6glich ist, auch nicht-hersteller-spezifische Karten wie z.B <a href=\"http:\/\/www.openstreetmap.org\" target=\"_blank\" rel=\"noopener\">Openstreetmap<\/a> zu installieren.<\/p>\n<hr \/>\n<\/div>\n<h2>August 2009 Osram Nightbreaker<\/h2>\n<p>Erste Ma\u00dfnahme nach dem Kauf : Austausch der H7-Gl\u00fchlampen f\u00fcr Abblend- und Fernlicht durch <a href=\"http:\/\/www.osram.de\/osram_de\/Consumer\/Automobilbeleuchtung\/Produkte\/Scheinwerferlicht\/NIGHT_BREAKER\/index.html\" target=\"_blank\" rel=\"noopener\">Osram Nightbreaker<\/a> Gl\u00fchlampen. Wirklich erstaunlich was das an zus\u00e4tzlicher Helligkeit bringt. Absolut zu empfehlen. Angeblich sollen die Birnen daf\u00fcr nicht so lange halten &#8211; mal sehen &#8230; Daf\u00fcr ist der <a href=\"http:\/\/web.me.com\/kaisackmann\/jhwus\/page5\/page37\/page129\/page129.html\" target=\"_blank\" rel=\"noopener\">Austausch<\/a> am Roady kein Problem. Entgegen den Angaben in der <a href=\"http:\/\/web.me.com\/kaisackmann\/jhwus\/index.html\" target=\"_blank\" rel=\"noopener\">Smart Roadster Bibel<\/a> bekommet man die Birnen auch ohne Ausbau der Scheinwerferabdeckung getauscht, vorausgesetzt man hat keine zu dicken Finger.<\/p>\n[Update]\nDie erste Birne (Abblendlicht links) war nach 15 Monaten defekt. Ohne TFL, aber doch h\u00e4ufigeres Einschalten wegen Tunneldurchfahrten. Habe jetzt die neue, angeblich l\u00e4nger haltbare Version eingebaut.<\/p>\n[Update 21.02.2011]\nJetzt war auch die rechte Abblendlicht-Birne fertig. So langsam schwindet die anf\u00e4ngliche Begeisterung \u00fcber die Osram-Birnen. Die Dinger gehen anscheinend immer im Winter kaputt, und eine 100 km Fahrt mit nur noch einem Scheinwerfer macht keinen Spa\u00df, ganz davon abgesehen da\u00df der Austausch bei Null Grad mit klammen Fingern kein Vergn\u00fcgen ist und die Scheinwerfer durch die h\u00e4ufigen Lampenwechsel auch nicht besser werden.<br \/>\nHabe jetzt auch Rechts die angeblich verbesserte Version der Nightbreaker drin. Wenn die genauso schnell defekt sind werde ich wieder auf normale Lampen zur\u00fccktauschen.<\/p>\n<hr \/>\n<\/div>\n<h2>August 2009 Tausch des hinteren rechten Lampenmoduls<\/h2>\n<p>Ein <a href=\"http:\/\/web.me.com\/kaisackmann\/jhwus\/page5\/page40\/page308\/page308.html\" target=\"_blank\" rel=\"noopener\">altbekanntes Problem<\/a> des Roadsters ist das hintere rechte Lampenmodul. Die Module werden nach einiger Zeit undicht und ziehen Wasser. Der Hersteller <a href=\"http:\/\/www.hella.com\" target=\"_blank\" rel=\"noopener\">Hella<\/a> hat das Problem nie in den Griff bekommen. Auch bei unserem Gebrauchten war das Modul feucht und die silberne Fl\u00e4che bereits angelaufen. Mein Smart H\u00e4ndler hat daraufhin das Modul drei Mal getasucht, aber alle verbauten Ersatzteile waren ebenfalls undicht. Es sieht so aus als wenn die bei Smart eingelagerten Ersatzteile alle undicht sind.<\/p>\n","protected":false},"excerpt":{"rendered":"<p>November 2012 Neue Lautsprecher Nach fast 14 Jahren fingen die verbauten original Lautsprecher an, f\u00fcrchterlich zu kratzen. Bei einem Besuch bei Marcus Quintus vom Car Hifi Spezialisten Car Akustik in&#8230;<\/p>\n","protected":false},"author":1,"featured_media":0,"parent":0,"menu_order":0,"comment_status":"closed","ping_status":"closed","template":"","meta":{"footnotes":""},"class_list":["post-60","page","type-page","status-publish"],"aioseo_notices":[],"_links":{"self":[{"href":"https:\/\/www.yourpagemaker.de\/smart-roadster\/wp-json\/wp\/v2\/pages\/60","targetHints":{"allow":["GET"]}}],"collection":[{"href":"https:\/\/www.yourpagemaker.de\/smart-roadster\/wp-json\/wp\/v2\/pages"}],"about":[{"href":"https:\/\/www.yourpagemaker.de\/smart-roadster\/wp-json\/wp\/v2\/types\/page"}],"author":[{"embeddable":true,"href":"https:\/\/www.yourpagemaker.de\/smart-roadster\/wp-json\/wp\/v2\/users\/1"}],"replies":[{"embeddable":true,"href":"https:\/\/www.yourpagemaker.de\/smart-roadster\/wp-json\/wp\/v2\/comments?post=60"}],"version-history":[{"count":30,"href":"https:\/\/www.yourpagemaker.de\/smart-roadster\/wp-json\/wp\/v2\/pages\/60\/revisions"}],"predecessor-version":[{"id":293,"href":"https:\/\/www.yourpagemaker.de\/smart-roadster\/wp-json\/wp\/v2\/pages\/60\/revisions\/293"}],"wp:attachment":[{"href":"https:\/\/www.yourpagemaker.de\/smart-roadster\/wp-json\/wp\/v2\/media?parent=60"}],"curies":[{"name":"wp","href":"https:\/\/api.w.org\/{rel}","templated":true}]}}